{"id":1124,"date":"2021-01-26T11:46:12","date_gmt":"2021-01-26T10:46:12","guid":{"rendered":"https:\/\/www.reckasvatba.cz\/?page_id=1124"},"modified":"2021-01-26T11:46:16","modified_gmt":"2021-01-26T10:46:16","slug":"bara-a-petr-kefalonie","status":"publish","type":"page","link":"https:\/\/www.reckasvatba.cz\/?page_id=1124","title":{"rendered":"B\u00e1ra a Petr, Kefalonie"},"content":{"rendered":"\n<p>P\u0159edstavovali jsme si sv\u016fj den kr\u00e1sn\u011b, ale d\u00edky Maggie to bylo nepopsateln\u00e9, dokonal\u00e9 <img decoding=\"async\" loading=\"lazy\" height=\"16\" width=\"16\" alt=\"\ud83d\ude42\" src=\"https:\/\/i0.wp.com\/www.facebook.com\/images\/emoji.php\/v9\/t4c\/1\/16\/1f642.png?resize=16%2C16&#038;ssl=1\" data-recalc-dims=\"1\"> Moc d\u011bkujeme, Maggie, za osobn\u00ed p\u0159\u00edstup, nikdy nebudeme litovat, \u017ee jsme se rozhodli n\u00e1\u0161 den uskute\u010dnit s V\u00e1mi a t\u00edmto stylem. V\u0161e n\u00e1dhern\u011b p\u0159ipraven\u00e9, skv\u011bl\u00e1 komunikace, nic nen\u00ed nemo\u017en\u00e9 <img decoding=\"async\" loading=\"lazy\" height=\"16\" width=\"16\" alt=\"\ud83d\ude42\" src=\"https:\/\/i0.wp.com\/www.facebook.com\/images\/emoji.php\/v9\/t4c\/1\/16\/1f642.png?resize=16%2C16&#038;ssl=1\" data-recalc-dims=\"1\"> opravdu jsme m\u011bli pocit, \u017ee Maggie je tu pro n\u00e1s, aby byl n\u00e1\u0161 den nezapomenuteln\u00fd <img decoding=\"async\" loading=\"lazy\" height=\"16\" width=\"16\" alt=\"\ud83d\ude42\" src=\"https:\/\/i0.wp.com\/www.facebook.com\/images\/emoji.php\/v9\/t4c\/1\/16\/1f642.png?resize=16%2C16&#038;ssl=1\" data-recalc-dims=\"1\"> D\u00edky pozitivit\u011b Maggie a neust\u00e1l\u00e9 podpo\u0159e jsme v\u0161e zvl\u00e1dli i v t\u00e9to slo\u017eit\u011bj\u0161\u00ed dob\u011b bez stresu <img decoding=\"async\" loading=\"lazy\" height=\"16\" width=\"16\" alt=\"\ud83d\ude42\" src=\"https:\/\/i0.wp.com\/www.facebook.com\/images\/emoji.php\/v9\/t4c\/1\/16\/1f642.png?resize=16%2C16&#038;ssl=1\" data-recalc-dims=\"1\"><\/p>\n","protected":false},"excerpt":{"rendered":"<p>P\u0159edstavovali jsme si sv\u016fj den kr\u00e1sn\u011b, ale d\u00edky Maggie to bylo nepopsateln\u00e9, dokonal\u00e9 Moc d\u011bkujeme, Maggie, za osobn\u00ed p\u0159\u00edstup, nikdy nebudeme litovat, \u017ee jsme se rozhodli n\u00e1\u0161 den uskute\u010dnit s V\u00e1mi a t\u00edmto stylem. V\u0161e n\u00e1dhern\u011b p\u0159ipraven\u00e9, skv\u011bl\u00e1 komunikace, nic nen\u00ed nemo\u017en\u00e9 opravdu jsme m\u011bli pocit, \u017ee Maggie je tu pro n\u00e1s, aby byl n\u00e1\u0161 &hellip; <\/p>\n<p class=\"link-more\"><a href=\"https:\/\/www.reckasvatba.cz\/?page_id=1124\" class=\"more-link\">Pokra\u010dovat ve \u010dten\u00ed<span class=\"screen-reader-text\"> &#8222;B\u00e1ra a Petr, Kefalonie&#8220;<\/span><\/a><\/p>\n","protected":false},"author":1,"featured_media":0,"parent":0,"menu_order":0,"comment_status":"closed","ping_status":"closed","template":"","meta":{"footnotes":""},"yoast_head":"<!-- This site is optimized with the Yoast SEO plugin v21.8 - https:\/\/yoast.com\/wordpress\/plugins\/seo\/ -->\n<title>B\u00e1ra a Petr, Kefalonie &#8226; SVATBA V \u0158ECKU<\/title>\n<meta name=\"robots\" content=\"index, follow, max-snippet:-1, max-image-preview:large, max-video-preview:-1\" \/>\n<link rel=\"canonical\" href=\"https:\/\/www.reckasvatba.cz\/?page_id=1124\" \/>\n<meta property=\"og:locale\" content=\"cs_CZ\" \/>\n<meta property=\"og:type\" content=\"article\" \/>\n<meta property=\"og:title\" content=\"B\u00e1ra a Petr, Kefalonie &#8226; SVATBA V \u0158ECKU\" \/>\n<meta property=\"og:description\" content=\"P\u0159edstavovali jsme si sv\u016fj den kr\u00e1sn\u011b, ale d\u00edky Maggie to bylo nepopsateln\u00e9, dokonal\u00e9 Moc d\u011bkujeme, Maggie, za osobn\u00ed p\u0159\u00edstup, nikdy nebudeme litovat, \u017ee jsme se rozhodli n\u00e1\u0161 den uskute\u010dnit s V\u00e1mi a t\u00edmto stylem. V\u0161e n\u00e1dhern\u011b p\u0159ipraven\u00e9, skv\u011bl\u00e1 komunikace, nic nen\u00ed nemo\u017en\u00e9 opravdu jsme m\u011bli pocit, \u017ee Maggie je tu pro n\u00e1s, aby byl n\u00e1\u0161 &hellip; Pokra\u010dovat ve \u010dten\u00ed &quot;B\u00e1ra a Petr, Kefalonie&quot;\" \/>\n<meta property=\"og:url\" content=\"https:\/\/www.reckasvatba.cz\/?page_id=1124\" \/>\n<meta property=\"og:site_name\" content=\"SVATBA V \u0158ECKU\" \/>\n<meta property=\"article:modified_time\" content=\"2021-01-26T10:46:16+00:00\" \/>\n<meta property=\"og:image\" content=\"https:\/\/www.facebook.com\/images\/emoji.php\/v9\/t4c\/1\/16\/1f642.png\" \/>\n<meta name=\"twitter:card\" content=\"summary_large_image\" \/>\n<meta name=\"twitter:label1\" content=\"Odhadovan\u00e1 doba \u010dten\u00ed\" \/>\n\t<meta name=\"twitter:data1\" content=\"2 minuty\" \/>\n<script type=\"application\/ld+json\" class=\"yoast-schema-graph\">{\"@context\":\"https:\/\/schema.org\",\"@graph\":[{\"@type\":\"WebPage\",\"@id\":\"https:\/\/www.reckasvatba.cz\/?page_id=1124\",\"url\":\"https:\/\/www.reckasvatba.cz\/?page_id=1124\",\"name\":\"B\u00e1ra a Petr, Kefalonie &#8226; SVATBA V \u0158ECKU\",\"isPartOf\":{\"@id\":\"https:\/\/www.reckasvatba.cz\/#website\"},\"datePublished\":\"2021-01-26T10:46:12+00:00\",\"dateModified\":\"2021-01-26T10:46:16+00:00\",\"breadcrumb\":{\"@id\":\"https:\/\/www.reckasvatba.cz\/?page_id=1124#breadcrumb\"},\"inLanguage\":\"cs\",\"potentialAction\":[{\"@type\":\"ReadAction\",\"target\":[\"https:\/\/www.reckasvatba.cz\/?page_id=1124\"]}]},{\"@type\":\"BreadcrumbList\",\"@id\":\"https:\/\/www.reckasvatba.cz\/?page_id=1124#breadcrumb\",\"itemListElement\":[{\"@type\":\"ListItem\",\"position\":1,\"name\":\"Dom\u016f\",\"item\":\"https:\/\/www.reckasvatba.cz\/\"},{\"@type\":\"ListItem\",\"position\":2,\"name\":\"B\u00e1ra a Petr, Kefalonie\"}]},{\"@type\":\"WebSite\",\"@id\":\"https:\/\/www.reckasvatba.cz\/#website\",\"url\":\"https:\/\/www.reckasvatba.cz\/\",\"name\":\"SVATBA V \u0158ECKU\",\"description\":\"Svatby v \u0158ecku a na \u0159eck\u00fdch ostrovech\",\"potentialAction\":[{\"@type\":\"SearchAction\",\"target\":{\"@type\":\"EntryPoint\",\"urlTemplate\":\"https:\/\/www.reckasvatba.cz\/?s={search_term_string}\"},\"query-input\":\"required name=search_term_string\"}],\"inLanguage\":\"cs\"}]}<\/script>\n<!-- \/ Yoast SEO plugin. -->","yoast_head_json":{"title":"B\u00e1ra a Petr, Kefalonie &#8226; SVATBA V \u0158ECKU","robots":{"index":"index","follow":"follow","max-snippet":"max-snippet:-1","max-image-preview":"max-image-preview:large","max-video-preview":"max-video-preview:-1"},"canonical":"https:\/\/www.reckasvatba.cz\/?page_id=1124","og_locale":"cs_CZ","og_type":"article","og_title":"B\u00e1ra a Petr, Kefalonie &#8226; SVATBA V \u0158ECKU","og_description":"P\u0159edstavovali jsme si sv\u016fj den kr\u00e1sn\u011b, ale d\u00edky Maggie to bylo nepopsateln\u00e9, dokonal\u00e9 Moc d\u011bkujeme, Maggie, za osobn\u00ed p\u0159\u00edstup, nikdy nebudeme litovat, \u017ee jsme se rozhodli n\u00e1\u0161 den uskute\u010dnit s V\u00e1mi a t\u00edmto stylem. V\u0161e n\u00e1dhern\u011b p\u0159ipraven\u00e9, skv\u011bl\u00e1 komunikace, nic nen\u00ed nemo\u017en\u00e9 opravdu jsme m\u011bli pocit, \u017ee Maggie je tu pro n\u00e1s, aby byl n\u00e1\u0161 &hellip; Pokra\u010dovat ve \u010dten\u00ed \"B\u00e1ra a Petr, Kefalonie\"","og_url":"https:\/\/www.reckasvatba.cz\/?page_id=1124","og_site_name":"SVATBA V \u0158ECKU","article_modified_time":"2021-01-26T10:46:16+00:00","og_image":[{"url":"https:\/\/www.facebook.com\/images\/emoji.php\/v9\/t4c\/1\/16\/1f642.png"}],"twitter_card":"summary_large_image","twitter_misc":{"Odhadovan\u00e1 doba \u010dten\u00ed":"2 minuty"},"schema":{"@context":"https:\/\/schema.org","@graph":[{"@type":"WebPage","@id":"https:\/\/www.reckasvatba.cz\/?page_id=1124","url":"https:\/\/www.reckasvatba.cz\/?page_id=1124","name":"B\u00e1ra a Petr, Kefalonie &#8226; SVATBA V \u0158ECKU","isPartOf":{"@id":"https:\/\/www.reckasvatba.cz\/#website"},"datePublished":"2021-01-26T10:46:12+00:00","dateModified":"2021-01-26T10:46:16+00:00","breadcrumb":{"@id":"https:\/\/www.reckasvatba.cz\/?page_id=1124#breadcrumb"},"inLanguage":"cs","potentialAction":[{"@type":"ReadAction","target":["https:\/\/www.reckasvatba.cz\/?page_id=1124"]}]},{"@type":"BreadcrumbList","@id":"https:\/\/www.reckasvatba.cz\/?page_id=1124#breadcrumb","itemListElement":[{"@type":"ListItem","position":1,"name":"Dom\u016f","item":"https:\/\/www.reckasvatba.cz\/"},{"@type":"ListItem","position":2,"name":"B\u00e1ra a Petr, Kefalonie"}]},{"@type":"WebSite","@id":"https:\/\/www.reckasvatba.cz\/#website","url":"https:\/\/www.reckasvatba.cz\/","name":"SVATBA V \u0158ECKU","description":"Svatby v \u0158ecku a na \u0159eck\u00fdch ostrovech","potentialAction":[{"@type":"SearchAction","target":{"@type":"EntryPoint","urlTemplate":"https:\/\/www.reckasvatba.cz\/?s={search_term_string}"},"query-input":"required name=search_term_string"}],"inLanguage":"cs"}]}},"jetpack_sharing_enabled":true,"jetpack_shortlink":"https:\/\/wp.me\/P8rUEV-i8","jetpack-related-posts":[{"id":227,"url":"https:\/\/www.reckasvatba.cz\/?page_id=227","url_meta":{"origin":1124,"position":0},"title":"Tereza a Martin, Kefalonie","author":"recka","date":"27.2.2017","format":false,"excerpt":"Mil\u00e1 Maggie, cht\u011bli bychom Ti za v\u0161e moc a moc pod\u011bkovat. U\u017e v\u00a0pr\u016fb\u011bhu domlouv\u00e1n\u00ed na\u0161\u00ed svatby n\u00e1m bylo jasn\u00e9, \u017ee jsme oslovili toho spr\u00e1vn\u00e9ho \u010dlov\u00ed\u010dka. Ale to, co jsi pro n\u00e1s p\u0159ichystala, bylo nad ve\u0161ker\u00e1 o\u010dek\u00e1v\u00e1n\u00ed. Sta\u010dilo 10 dn\u00ed a m\u00e1me pocit, jako bychom T\u011b znali ji\u017e 10 let. A\u010dkoliv\u2026","rel":"","context":"Similar post","block_context":{"text":"Similar post","link":""},"img":{"alt_text":"","src":"","width":0,"height":0},"classes":[]},{"id":825,"url":"https:\/\/www.reckasvatba.cz\/?page_id=825","url_meta":{"origin":1124,"position":1},"title":"Lucie a Jan, Korfu","author":"recka","date":"3.9.2018","format":false,"excerpt":"Reference Lucie a Jan,\u00a0 Korfu 2018 S p\u0159\u00edtelem jsme se rozhodli n\u00e1\u0161 \u0161estn\u00e1ctilet\u00fd vztah zpe\u010detit s\u0148atkem. Po tom, co jsem poznala kr\u00e1sy\u00a0\u0159eck\u00fdch ostrov\u016f, tak na\u0161\u00edm snem byla svatba na kr\u00e1sn\u00e9 \u0159eck\u00e9 pl\u00e1\u017ei.\u00a0 Po odsouhlasen\u00ed m\u00e9ho n\u00e1padu p\u0159\u00edtelem jsem dlouho vyb\u00edrala na internetu agenturu, p\u0159es kterou n\u00e1\u0161 pl\u00e1n uskute\u010dn\u00edm. N\u011bjak jsem\u2026","rel":"","context":"Similar post","block_context":{"text":"Similar post","link":""},"img":{"alt_text":"","src":"","width":0,"height":0},"classes":[]},{"id":1058,"url":"https:\/\/www.reckasvatba.cz\/?page_id=1058","url_meta":{"origin":1124,"position":2},"title":"Tereza a Jind\u0159ich, Santorini","author":"recka","date":"9.10.2020","format":false,"excerpt":"Na\u0161e Svatba na Santorini byla \u00fa\u017easn\u00e1 a nezapomenuteln\u00e1. Moc jsme si n\u00e1\u0161 den u\u017eili\u2764\ufe0fVelk\u00e9 d\u00edky pat\u0159\u00ed pan\u00ed Margarit\u011b i pan\u00ed \u0160\u00e1rce\ud83d\ude42\u00a0V\u0161e prob\u011bhlo p\u0159esn\u011b podle na\u0161ich p\u0159edstav a bez starost\u00ed\ud83d\ude42\u00a0Pokud v\u00e1h\u00e1te, tak doporu\u010duji. S pan\u00ed Margaritou budete ur\u010dit\u011b spokojeni\ud83d\ude09","rel":"","context":"Similar post","block_context":{"text":"Similar post","link":""},"img":{"alt_text":"","src":"","width":0,"height":0},"classes":[]},{"id":232,"url":"https:\/\/www.reckasvatba.cz\/?page_id=232","url_meta":{"origin":1124,"position":3},"title":"Zuzana a Marek, Zakynthos","author":"recka","date":"27.2.2017","format":false,"excerpt":"Moc bychom cht\u011bli pod\u011bkovat Margaritce za super spolupr\u00e1ci, komunikaci a trp\u011blivost p\u0159i pl\u00e1nov\u00e1n\u00ed na\u0161eho poh\u00e1dkov\u00e9ho svatebn\u00edho dne! Pomohla n\u00e1m zrealizovat n\u00e1\u0161 sen a d\u00edky n\u00ed se stal skute\u010dnost\u00ed! D\u011bkujeme i fotografce a koordin\u00e1torce na Zakynthos za spolupr\u00e1ci! D\u00edky V\u00e1m m\u00e1me n\u00e1dhern\u00e9 svatebn\u00ed fotografie, kter\u00e9 v\u0161ichni obdivovali! Spolupr\u00e1ce p\u0159i samotn\u00e9m ob\u0159adu\u2026","rel":"","context":"Similar post","block_context":{"text":"Similar post","link":""},"img":{"alt_text":"","src":"","width":0,"height":0},"classes":[]},{"id":556,"url":"https:\/\/www.reckasvatba.cz\/?page_id=556","url_meta":{"origin":1124,"position":4},"title":"Renata a Petr, Kefalonie","author":"recka","date":"10.10.2017","format":false,"excerpt":"Reference Renata a Petr, Kefalonie 2017 V\u0161em, kdo si cht\u011bj\u00ed splnit sen stejn\u011b jako j\u00e1 a m\u016fj mu\u017e - vz\u00edt se v \u0158ecku, tak DOPORU\u010cUJI \u0158ECKOU SVATBU (na\u0161i skv\u011blou Maggie :)). M\u011bli jsme p\u0159edstavu jak si ten n\u00e1\u0161 den p\u0159ejeme a nakonec to bylo neskute\u010dn\u00fd ... poh\u00e1dka v re\u00e1lu... Ned\u00e1\u2026","rel":"","context":"Similar post","block_context":{"text":"Similar post","link":""},"img":{"alt_text":"","src":"","width":0,"height":0},"classes":[]},{"id":26,"url":"https:\/\/www.reckasvatba.cz\/?page_id=26","url_meta":{"origin":1124,"position":5},"title":"Svatba na Santorini","author":"recka","date":"26.2.2017","format":false,"excerpt":"Kdopak by neznal Santorini, vyj\u00edme\u010dn\u00fd \u0159eck\u00fd ostrov le\u017e\u00edc\u00ed v souostrov\u00ed Kykl\u00e1d. Je jako stvo\u0159en\u00fd pro svatbu, a to nejen d\u00edky scen\u00e9ri\u00edm, kter\u00e9 jsou k vid\u011bn\u00ed z ka\u017ed\u00e9ho v\u00fd\u0161e polo\u017een\u00e9ho m\u00edsta. Charakteristick\u00e9 terasy a vyhl\u00eddky, na kter\u00e9 p\u0159ich\u00e1zej\u00ed milenci a p\u00e1ry pozorovat dechberouc\u00ed z\u00e1pady slunce, panor\u00e1ma mo\u0159e a b\u00edl\u00e9 vesni\u010dky, kontrastuj\u00edc\u00ed\u2026","rel":"","context":"Similar post","block_context":{"text":"Similar post","link":""},"img":{"alt_text":"","src":"https:\/\/i0.wp.com\/www.reckasvatba.cz\/wp-content\/uploads\/2024\/01\/1-1555-scaled.jpg?fit=1200%2C800&ssl=1&resize=350%2C200","width":350,"height":200,"srcset":"https:\/\/i0.wp.com\/www.reckasvatba.cz\/wp-content\/uploads\/2024\/01\/1-1555-scaled.jpg?fit=1200%2C800&ssl=1&resize=350%2C200 1x, https:\/\/i0.wp.com\/www.reckasvatba.cz\/wp-content\/uploads\/2024\/01\/1-1555-scaled.jpg?fit=1200%2C800&ssl=1&resize=525%2C300 1.5x, https:\/\/i0.wp.com\/www.reckasvatba.cz\/wp-content\/uploads\/2024\/01\/1-1555-scaled.jpg?fit=1200%2C800&ssl=1&resize=700%2C400 2x, https:\/\/i0.wp.com\/www.reckasvatba.cz\/wp-content\/uploads\/2024\/01\/1-1555-scaled.jpg?fit=1200%2C800&ssl=1&resize=1050%2C600 3x"},"classes":[]}],"_links":{"self":[{"href":"https:\/\/www.reckasvatba.cz\/index.php?rest_route=\/wp\/v2\/pages\/1124"}],"collection":[{"href":"https:\/\/www.reckasvatba.cz\/index.php?rest_route=\/wp\/v2\/pages"}],"about":[{"href":"https:\/\/www.reckasvatba.cz\/index.php?rest_route=\/wp\/v2\/types\/page"}],"author":[{"embeddable":true,"href":"https:\/\/www.reckasvatba.cz\/index.php?rest_route=\/wp\/v2\/users\/1"}],"replies":[{"embeddable":true,"href":"https:\/\/www.reckasvatba.cz\/index.php?rest_route=%2Fwp%2Fv2%2Fcomments&post=1124"}],"version-history":[{"count":1,"href":"https:\/\/www.reckasvatba.cz\/index.php?rest_route=\/wp\/v2\/pages\/1124\/revisions"}],"predecessor-version":[{"id":1125,"href":"https:\/\/www.reckasvatba.cz\/index.php?rest_route=\/wp\/v2\/pages\/1124\/revisions\/1125"}],"wp:attachment":[{"href":"https:\/\/www.reckasvatba.cz\/index.php?rest_route=%2Fwp%2Fv2%2Fmedia&parent=1124"}],"curies":[{"name":"wp","href":"https:\/\/api.w.org\/{rel}","templated":true}]}}